{"id":3216,"date":"2018-05-12T07:18:26","date_gmt":"2018-05-12T05:18:26","guid":{"rendered":"http:\/\/www.sv-gebrazhofen.de\/?page_id=3216"},"modified":"2018-05-18T21:22:19","modified_gmt":"2018-05-18T19:22:19","slug":"freizeitsport-chronik","status":"publish","type":"page","link":"http:\/\/www.sv-gebrazhofen.de\/?page_id=3216","title":{"rendered":"Freizeitsport Chronik"},"content":{"rendered":"<p>Ein wichtiger Bestandteil im Vereinsleben des Sportvereins Gebrazhofen war von Anfang an die Abteilung der Frauengymnastik. Frau Rosa Geigle war die erste \u00dcbungsleiterin. Von 1966 bis 1980 nahm sie diese Aufgabe zum Wohl einer flei\u00dfigen Schar von Gebrazhofener Frauen wahr. 1980 wurde sie durch Christel Banhardt f\u00fcr zwei Jahre ersetzt, ehe sie aus gesundheitlichen Gr\u00fcnden die Arbeit ab 1990 endg\u00fcltig an Rosa Zorn \u00fcbergab.<\/p>\n<p>Sportangebote:<\/p>\n<p>Gymnastik-Gruppen:<\/p>\n<p>1990 &#8211; 1997 Aerobic\/ Step Margit Benes<br \/>\n1997 &#8211; 1998 Modern Dance-Club Leitung Melanie Hanser (geb. L\u00f6chle)<br \/>\n1999 &#8211; 2002: Aerobic\/ Step geleitet durch Nicole Gehrig<br \/>\n2003: Aerobic\/ Step unter der Leitung von Margit Benes<\/p>\n<p>Diese Gruppe wurde im September 2003 von Fr. Ulrike Oswald \u00fcbernommen. Aufgrund einer Schwangerschaft wurde sie Ende 2010 von Edith Neher abgel\u00f6st. W\u00e4hrend einer Schwangerschaft von Edith Neher Ende 2013 \u00fcbernahmen aushilfsweise f\u00fcr ein Jahr Manuela Kunz und Heidi Boschert die Leitung der Gruppe. 2015 wurde diese wieder im w\u00f6chentlichen Wechsel von Edith Neher und Ulrike Oswald trainiert. Seit 2016 wird die Aerobic-Gruppe wieder alleine von Edith Neher geleitet.<\/p>\n<p><img loading=\"lazy\" decoding=\"async\" class=\"alignnone size-full wp-image-3268\" src=\"http:\/\/www.sv-gebrazhofen.de\/wp-content\/uploads\/2018\/05\/Aerobic-Gruppe_2010.jpg\" alt=\"\" width=\"1391\" height=\"787\" srcset=\"http:\/\/www.sv-gebrazhofen.de\/wp-content\/uploads\/2018\/05\/Aerobic-Gruppe_2010.jpg 1391w, http:\/\/www.sv-gebrazhofen.de\/wp-content\/uploads\/2018\/05\/Aerobic-Gruppe_2010-595x337.jpg 595w, http:\/\/www.sv-gebrazhofen.de\/wp-content\/uploads\/2018\/05\/Aerobic-Gruppe_2010-768x435.jpg 768w, http:\/\/www.sv-gebrazhofen.de\/wp-content\/uploads\/2018\/05\/Aerobic-Gruppe_2010-960x543.jpg 960w, http:\/\/www.sv-gebrazhofen.de\/wp-content\/uploads\/2018\/05\/Aerobic-Gruppe_2010-500x283.jpg 500w\" sizes=\"auto, (max-width: 1391px) 100vw, 1391px\" \/><\/p>\n<p><em>Aerobic-Gruppe beim Training 2010<\/em><\/p>\n<p>Ende des Jahres 2011 wurde ein Flexi-Bar- Kurs mit Eva Haas als Trainerin ins Leben gerufen. Anfang 2016 wurde diese Gruppe von Ulrike H\u00e4fele \u00fcbernommen. Die Gruppe besteht bis heute als Aerobic &#8211; Bauch-Beine-Po-Gruppe.<br \/>\nSeit Anfang 2014 wurde ein Pilates-Kurs begonnen, der immer montags in der Halle stattfindet. Mittlerweile hat sich hier eine Stammgruppe von ca. 15 Teilnehmerinnen unter der Trainerin Simone F\u00e4hndrich zusammen gefunden.<br \/>\nSeit April 2017 bietet der SV Gebrazhofen eine weitere neue Gruppe namens \u201cFitMix\u201d an, welche von Christina Mahle, die im Besitz einer \u00dcbungsleiterlizent ist, geleitet.<\/p>\n<p><strong>Turnen:<\/strong><\/p>\n<p>Am 14.11.2006 begann das Ger\u00e4teturnen f\u00fcr M\u00e4dchen unter der Leitung von Frau Natascha Reimann. Mit ca. 30 Kindern in zwei Gruppen f\u00fchrte sie die Gruppe bis Mai 2010. Seitdem wird die Gruppe als Turnen f\u00fcr \u201cM\u00e4nnlein und Weiblein\u201d von Kerstin Rottmar weiterhin in zwei Gruppen gef\u00fchrt.<br \/>\nSeit dem Jahr 2013 wird f\u00fcr die Kinder in den Sommerferien ein 2-t\u00e4giges Sommercamp mit \u00dcbernachtung in der Halle sowie vielen Spielen, Fackelwanderungen usw. durchgef\u00fchrt.<\/p>\n<p><img loading=\"lazy\" decoding=\"async\" class=\"alignnone size-full wp-image-3269\" src=\"http:\/\/www.sv-gebrazhofen.de\/wp-content\/uploads\/2018\/05\/M\u00e4dchen-Turngruppe.jpg\" alt=\"\" width=\"1358\" height=\"941\" srcset=\"http:\/\/www.sv-gebrazhofen.de\/wp-content\/uploads\/2018\/05\/M\u00e4dchen-Turngruppe.jpg 1358w, http:\/\/www.sv-gebrazhofen.de\/wp-content\/uploads\/2018\/05\/M\u00e4dchen-Turngruppe-595x412.jpg 595w, http:\/\/www.sv-gebrazhofen.de\/wp-content\/uploads\/2018\/05\/M\u00e4dchen-Turngruppe-768x532.jpg 768w, http:\/\/www.sv-gebrazhofen.de\/wp-content\/uploads\/2018\/05\/M\u00e4dchen-Turngruppe-960x665.jpg 960w, http:\/\/www.sv-gebrazhofen.de\/wp-content\/uploads\/2018\/05\/M\u00e4dchen-Turngruppe-433x300.jpg 433w\" sizes=\"auto, (max-width: 1358px) 100vw, 1358px\" \/><\/p>\n<p><em>M\u00e4dchen-Turngruppe mit der Abteilungsleiterin Freizeitsport Silvia Dentler (hinten links)<\/em><br \/>\n<em> und Trainerin Kerstin Rottmar (hinten rechts)<\/em><\/p>\n<p>&nbsp;<\/p>\n<p><strong>Eltern-Kind-Turnen:<\/strong><\/p>\n<p>Im Jahre 1992 wurde die Gruppe als \u201cMutter-Kind-Gruppe\u201d, genannt \u201cMUKI\u201d, ins Leben gerufen, welche f\u00fcr ca. drei Jahre bis 1995 bestand.<br \/>\nDeren Ehem\u00e4nner fanden sich damals als Hobbypsortler zum Volleyballspielen zusammen. Unter dem Namen \u201cZamma-Kommer\u201d legten sie den Grundstein f\u00fcr die heutige Volleyball-Abteilung des SV Gebrazhofen.<\/p>\n<p>Im Januar 2007 kehrte die Gruppe unter dem Namen \u201cEltern-Kind-Turnen\u201d zur\u00fcck und wurde in Doppelteams von Andrea Banhardt, Sonja V\u00f6lk, Christine Rauch und Petra Riess sowie Beate L\u00f6chle und Michaela Wechsel geleitet. Bis 2013 wurden w\u00f6chent-lich ca. 20 Kinder betreut. Von 2013 an wurde das Eltern-Kind-Turnen unter der Leitung von Sonja Fischer, Sarah M\u00fcller, Sandra Dentler und Jasmin Widler gef\u00fchrt, ab Mai 2015 von Marion Seyfried und Daniela Rhein. Diese gab Ende 2016 ihren Posten auf, seitdem leitet Marion Seyfried die Eltern-Kind-Gruppe alleine.<\/p>\n<p><strong>Tanzgruppe:<\/strong><\/p>\n<p>Vom Juni 2012 bis Ende 2014 gab es eine Latin-Dance-Gruppe unter der Leitung von Margit Benes bzw. Sabine Becker. Krankheitsbedingt und aufgrund immer geringerer Teilnehmerzahl wurde die Gruppe aufgel\u00f6st.<\/p>\n<p><img loading=\"lazy\" decoding=\"async\" class=\"alignnone size-full wp-image-3270\" src=\"http:\/\/www.sv-gebrazhofen.de\/wp-content\/uploads\/2018\/05\/Latin-Dance-Gruppe_2012.jpg\" alt=\"\" width=\"1024\" height=\"770\" srcset=\"http:\/\/www.sv-gebrazhofen.de\/wp-content\/uploads\/2018\/05\/Latin-Dance-Gruppe_2012.jpg 1024w, http:\/\/www.sv-gebrazhofen.de\/wp-content\/uploads\/2018\/05\/Latin-Dance-Gruppe_2012-595x447.jpg 595w, http:\/\/www.sv-gebrazhofen.de\/wp-content\/uploads\/2018\/05\/Latin-Dance-Gruppe_2012-768x578.jpg 768w, http:\/\/www.sv-gebrazhofen.de\/wp-content\/uploads\/2018\/05\/Latin-Dance-Gruppe_2012-960x722.jpg 960w, http:\/\/www.sv-gebrazhofen.de\/wp-content\/uploads\/2018\/05\/Latin-Dance-Gruppe_2012-399x300.jpg 399w\" sizes=\"auto, (max-width: 1024px) 100vw, 1024px\" \/><\/p>\n<p><em>Die Latin-Dance-Gruppe 2012<\/em><\/p>\n<p>Seit April 2016 kann dieses Sportangebot unter dem Namen \u201cZumba\u201d wieder betrieben werden. Die Leitung hat Sara M\u00f6\u00dfle.<\/p>\n<p><strong>Tischtennis:<\/strong><\/p>\n<p>Im Jahre 2007 wurde eine Tischtennisgruppe unter der Leitung von Thomas Burlander er\u00f6ffnet. Der Sport wurde nur hobbym\u00e4\u00dfig betrieben, und es machte mit, wer Spa\u00df am Umgang mit dem kleinen wei\u00dfen Plastikball hatte. Thomas Burlander wurde 2011 von Anton Netzer abgel\u00f6st. Aufgrund der immer geringer werdenden Teilnehmeranzahl stellte die Gruppe 2012 ihre sportlichen Aktivit\u00e4ten ein.<\/p>\n<p><img loading=\"lazy\" decoding=\"async\" class=\"alignnone size-full wp-image-3271\" src=\"http:\/\/www.sv-gebrazhofen.de\/wp-content\/uploads\/2018\/05\/Tischtennisgruppe.jpg\" alt=\"\" width=\"962\" height=\"724\" srcset=\"http:\/\/www.sv-gebrazhofen.de\/wp-content\/uploads\/2018\/05\/Tischtennisgruppe.jpg 962w, http:\/\/www.sv-gebrazhofen.de\/wp-content\/uploads\/2018\/05\/Tischtennisgruppe-595x448.jpg 595w, http:\/\/www.sv-gebrazhofen.de\/wp-content\/uploads\/2018\/05\/Tischtennisgruppe-768x578.jpg 768w, http:\/\/www.sv-gebrazhofen.de\/wp-content\/uploads\/2018\/05\/Tischtennisgruppe-960x722.jpg 960w, http:\/\/www.sv-gebrazhofen.de\/wp-content\/uploads\/2018\/05\/Tischtennisgruppe-399x300.jpg 399w\" sizes=\"auto, (max-width: 962px) 100vw, 962px\" \/><\/p>\n<p><em>Die Tischtennisgruppe beim Turnier in Oberreitnau 2009<\/em><\/p>\n<p><strong>M\u00e4nnerturngruppe:<\/strong><\/p>\n<p>Ab 2003 wurde der \u201cSVG-Montagssport\u201d f\u00fcr M\u00e4nner angeboten (Ballspiele, Radfahren, Joggen). Diese Gruppe l\u00f6ste sich nach ein paar Jahren leider auf, nachdem manche Teilnehmer aufh\u00f6rten oder sich sich anderen Sportarten widmeten.<br \/>\nAnfang 2008 wurde die M\u00e4nnerturngruppe unter der Leitung von Wolfgang Blumer wieder er\u00f6ffnet. Dieser f\u00fchrte die Gruppe bis Ende 2013.<\/p>\n<p><img loading=\"lazy\" decoding=\"async\" class=\"alignnone size-full wp-image-3272\" src=\"http:\/\/www.sv-gebrazhofen.de\/wp-content\/uploads\/2018\/05\/M\u00e4nnerturngruppe.jpg\" alt=\"\" width=\"945\" height=\"533\" srcset=\"http:\/\/www.sv-gebrazhofen.de\/wp-content\/uploads\/2018\/05\/M\u00e4nnerturngruppe.jpg 945w, http:\/\/www.sv-gebrazhofen.de\/wp-content\/uploads\/2018\/05\/M\u00e4nnerturngruppe-595x336.jpg 595w, http:\/\/www.sv-gebrazhofen.de\/wp-content\/uploads\/2018\/05\/M\u00e4nnerturngruppe-768x433.jpg 768w, http:\/\/www.sv-gebrazhofen.de\/wp-content\/uploads\/2018\/05\/M\u00e4nnerturngruppe-500x282.jpg 500w\" sizes=\"auto, (max-width: 945px) 100vw, 945px\" \/><\/p>\n<p><em>Die M\u00e4nnerturngruppe 2010 mit \u00dcbungsleiter Wolfgang Blumer (links)<\/em><\/p>\n<p>Seit 2014 erfolgt die Leitung durch Alois Boscher bzw. durch Jana Abt-Raischle.<\/p>\n<p><img loading=\"lazy\" decoding=\"async\" class=\"alignnone size-full wp-image-3273\" src=\"http:\/\/www.sv-gebrazhofen.de\/wp-content\/uploads\/2018\/05\/M\u00e4nnerturngruppe_2014.jpg\" alt=\"\" width=\"1308\" height=\"874\" srcset=\"http:\/\/www.sv-gebrazhofen.de\/wp-content\/uploads\/2018\/05\/M\u00e4nnerturngruppe_2014.jpg 1308w, http:\/\/www.sv-gebrazhofen.de\/wp-content\/uploads\/2018\/05\/M\u00e4nnerturngruppe_2014-595x398.jpg 595w, http:\/\/www.sv-gebrazhofen.de\/wp-content\/uploads\/2018\/05\/M\u00e4nnerturngruppe_2014-768x513.jpg 768w, http:\/\/www.sv-gebrazhofen.de\/wp-content\/uploads\/2018\/05\/M\u00e4nnerturngruppe_2014-960x641.jpg 960w, http:\/\/www.sv-gebrazhofen.de\/wp-content\/uploads\/2018\/05\/M\u00e4nnerturngruppe_2014-449x300.jpg 449w\" sizes=\"auto, (max-width: 1308px) 100vw, 1308px\" \/><\/p>\n<p><em>Die M\u00e4nnerturngruppe mit \u00dcbungsleiterin Jana Abt-Raischle (vorne), \u00dcbungsleiter<\/em><br \/>\n<em> Alois Boscher (hinten, Zweiter von links)<\/em><\/p>\n<p><strong>Das Basarteam:<\/strong><\/p>\n<p>Im Jahre 2012 wurde das \u201cBasarteam\u201d an die Abteilung Freizeitsport angegliedert.<br \/>\nSeitdem finden j\u00e4hrlich zwei Basare im Fr\u00fchjahr und im Herbst statt. Aus dem Gewinn<br \/>\nwerden soziale Projekte im Ort unterst\u00fctzt (z. B. Anschaffungen f\u00fcr den Kindergarten oder f\u00fcr den Jugendsport, etc.).<\/p>\n<p><img loading=\"lazy\" decoding=\"async\" class=\"alignnone size-full wp-image-3274\" src=\"http:\/\/www.sv-gebrazhofen.de\/wp-content\/uploads\/2018\/05\/Bazarteam.jpg\" alt=\"\" width=\"779\" height=\"583\" srcset=\"http:\/\/www.sv-gebrazhofen.de\/wp-content\/uploads\/2018\/05\/Bazarteam.jpg 779w, http:\/\/www.sv-gebrazhofen.de\/wp-content\/uploads\/2018\/05\/Bazarteam-595x445.jpg 595w, http:\/\/www.sv-gebrazhofen.de\/wp-content\/uploads\/2018\/05\/Bazarteam-768x575.jpg 768w, http:\/\/www.sv-gebrazhofen.de\/wp-content\/uploads\/2018\/05\/Bazarteam-401x300.jpg 401w\" sizes=\"auto, (max-width: 779px) 100vw, 779px\" \/><\/p>\n<p>&nbsp;<\/p>\n<p><strong>Abteilungsleiter Freizeitsport seit 1990:<\/strong><\/p>\n<p>1990 &#8211; 1992 Klaus Blust<br \/>\n1992 &#8211; 2004 Michael Benes<br \/>\n2004 bis 2018 Silvia Dentler<\/p>\n","protected":false},"excerpt":{"rendered":"<p>Ein wichtiger Bestandteil im Vereinsleben des Sportvereins Gebrazhofen war von Anfang an die Abteilung der Frauengymnastik. Frau Rosa Geigle war die erste \u00dcbungsleiterin. Von 1966 bis 1980 nahm sie diese Aufgabe zum Wohl einer flei\u00dfigen Schar von Gebrazhofener Frauen wahr. &hellip; <a href=\"http:\/\/www.sv-gebrazhofen.de\/?page_id=3216\">Weiterlesen <span class=\"meta-nav\">&rarr;<\/span><\/a><\/p>\n","protected":false},"author":1,"featured_media":0,"parent":0,"menu_order":0,"comment_status":"closed","ping_status":"closed","template":"","meta":{"footnotes":""},"class_list":["post-3216","page","type-page","status-publish","hentry"],"_links":{"self":[{"href":"http:\/\/www.sv-gebrazhofen.de\/index.php?rest_route=\/wp\/v2\/pages\/3216","targetHints":{"allow":["GET"]}}],"collection":[{"href":"http:\/\/www.sv-gebrazhofen.de\/index.php?rest_route=\/wp\/v2\/pages"}],"about":[{"href":"http:\/\/www.sv-gebrazhofen.de\/index.php?rest_route=\/wp\/v2\/types\/page"}],"author":[{"embeddable":true,"href":"http:\/\/www.sv-gebrazhofen.de\/index.php?rest_route=\/wp\/v2\/users\/1"}],"replies":[{"embeddable":true,"href":"http:\/\/www.sv-gebrazhofen.de\/index.php?rest_route=%2Fwp%2Fv2%2Fcomments&post=3216"}],"version-history":[{"count":3,"href":"http:\/\/www.sv-gebrazhofen.de\/index.php?rest_route=\/wp\/v2\/pages\/3216\/revisions"}],"predecessor-version":[{"id":3296,"href":"http:\/\/www.sv-gebrazhofen.de\/index.php?rest_route=\/wp\/v2\/pages\/3216\/revisions\/3296"}],"wp:attachment":[{"href":"http:\/\/www.sv-gebrazhofen.de\/index.php?rest_route=%2Fwp%2Fv2%2Fmedia&parent=3216"}],"curies":[{"name":"wp","href":"https:\/\/api.w.org\/{rel}","templated":true}]}}